{"id":167,"date":"2019-11-22T12:11:59","date_gmt":"2019-11-22T12:11:59","guid":{"rendered":"https:\/\/cerebro.tkdemos.co\/?page_id=2"},"modified":"2023-10-18T23:02:40","modified_gmt":"2023-10-18T23:02:40","slug":"info","status":"publish","type":"page","link":"https:\/\/ml.virose.pt\/blogs\/seminar\/info\/","title":{"rendered":"Info"},"content":{"rendered":"\n<h2 class=\"wp-block-heading\">Doutoramento em Artes Pl\u00e1sticas<\/h2>\n\n\n\n<p>Faculdade de Belas Artes da Universidade do Porto<\/p>\n\n\n<div class=\"wp-block-image\">\n<figure class=\"aligncenter size-large\"><img decoding=\"async\" loading=\"lazy\" width=\"1024\" height=\"682\" src=\"https:\/\/ml.virose.pt\/blogs\/seminar\/wp-content\/uploads\/2023\/10\/fbaup-fachada-pavilhao-1024x682.jpg\" alt=\"\" class=\"wp-image-194\" srcset=\"https:\/\/ml.virose.pt\/blogs\/seminar\/wp-content\/uploads\/2023\/10\/fbaup-fachada-pavilhao-1024x682.jpg 1024w, https:\/\/ml.virose.pt\/blogs\/seminar\/wp-content\/uploads\/2023\/10\/fbaup-fachada-pavilhao-300x200.jpg 300w, https:\/\/ml.virose.pt\/blogs\/seminar\/wp-content\/uploads\/2023\/10\/fbaup-fachada-pavilhao-768x512.jpg 768w, https:\/\/ml.virose.pt\/blogs\/seminar\/wp-content\/uploads\/2023\/10\/fbaup-fachada-pavilhao-1536x1023.jpg 1536w, https:\/\/ml.virose.pt\/blogs\/seminar\/wp-content\/uploads\/2023\/10\/fbaup-fachada-pavilhao-1200x800.jpg 1200w, https:\/\/ml.virose.pt\/blogs\/seminar\/wp-content\/uploads\/2023\/10\/fbaup-fachada-pavilhao-150x100.jpg 150w, https:\/\/ml.virose.pt\/blogs\/seminar\/wp-content\/uploads\/2023\/10\/fbaup-fachada-pavilhao.jpg 1600w\" sizes=\"(max-width: 1024px) 100vw, 1024px\" \/><\/figure><\/div>\n\n\n<div class=\"wp-block-columns is-layout-flex wp-container-3\">\n<div class=\"wp-block-column is-layout-flow\">\n<p>info <a rel=\"noreferrer noopener\" href=\"https:\/\/sigarra.up.pt\/fbaup\/pt\/cur_geral.cur_view?pv_ano_lectivo=2023&amp;pv_origem=CUR&amp;pv_tipo_cur_sigla=D&amp;pv_curso_id=11641\" target=\"_blank\">Programa Doutoral em Artes Pl\u00e1sticas da FBAUP<\/a> <\/p>\n\n\n\n<p>Esta \u00e9 a p\u00e1gina do Semin\u00e1rio de 1\u00ba ano 2023-2024<\/p>\n\n\n\n<h5 class=\"wp-block-heading\">&nbsp;<\/h5>\n\n\n\n<p>.<\/p>\n<\/div>\n\n\n\n<div class=\"wp-block-column is-layout-flow\">\n<p>.<\/p>\n<\/div>\n<\/div>\n\n\n\n<p class=\"has-small-font-size\"><\/p>\n","protected":false},"excerpt":{"rendered":"<p>Doutoramento em Artes Pl\u00e1sticas Faculdade de Belas Artes da Universidade do Porto info Programa Doutoral em Artes Pl\u00e1sticas da FBAUP Esta \u00e9 a p\u00e1gina do Semin\u00e1rio de 1\u00ba ano 2023-2024 &nbsp; . .<\/p>\n","protected":false},"author":1,"featured_media":0,"parent":0,"menu_order":0,"comment_status":"closed","ping_status":"open","template":"","meta":[],"_links":{"self":[{"href":"https:\/\/ml.virose.pt\/blogs\/seminar\/wp-json\/wp\/v2\/pages\/167"}],"collection":[{"href":"https:\/\/ml.virose.pt\/blogs\/seminar\/wp-json\/wp\/v2\/pages"}],"about":[{"href":"https:\/\/ml.virose.pt\/blogs\/seminar\/wp-json\/wp\/v2\/types\/page"}],"author":[{"embeddable":true,"href":"https:\/\/ml.virose.pt\/blogs\/seminar\/wp-json\/wp\/v2\/users\/1"}],"replies":[{"embeddable":true,"href":"https:\/\/ml.virose.pt\/blogs\/seminar\/wp-json\/wp\/v2\/comments?post=167"}],"version-history":[{"count":5,"href":"https:\/\/ml.virose.pt\/blogs\/seminar\/wp-json\/wp\/v2\/pages\/167\/revisions"}],"predecessor-version":[{"id":199,"href":"https:\/\/ml.virose.pt\/blogs\/seminar\/wp-json\/wp\/v2\/pages\/167\/revisions\/199"}],"wp:attachment":[{"href":"https:\/\/ml.virose.pt\/blogs\/seminar\/wp-json\/wp\/v2\/media?parent=167"}],"curies":[{"name":"wp","href":"https:\/\/api.w.org\/{rel}","templated":true}]}}